{"id":998,"date":"2023-05-15T14:24:11","date_gmt":"2023-05-15T14:24:11","guid":{"rendered":"https:\/\/transportedebicicletas.pt\/?page_id=998"},"modified":"2025-01-30T22:29:03","modified_gmt":"2025-01-30T22:29:03","slug":"la-pinilla-bike-park","status":"publish","type":"page","link":"https:\/\/transportedebicicletas.pt\/en\/la-pinilla-bike-park\/","title":{"rendered":"La Pinilla Bike Park Trip"},"content":{"rendered":"\t\t<div data-elementor-type=\"wp-page\" data-elementor-id=\"998\" class=\"elementor elementor-998\" data-elementor-post-type=\"page\">\n\t\t\t\t\t\t<section class=\"elementor-section elementor-top-section elementor-element elementor-element-73608f0 elementor-section-boxed elementor-section-height-default elementor-section-height-default\" data-id=\"73608f0\" data-element_type=\"section\" data-e-type=\"section\">\n\t\t\t\t\t\t<div class=\"elementor-container elementor-column-gap-default\">\n\t\t\t\t\t<div class=\"elementor-column elementor-col-100 elementor-top-column elementor-element elementor-element-a6026c8\" data-id=\"a6026c8\" data-element_type=\"column\" data-e-type=\"column\">\n\t\t\t<div class=\"elementor-widget-wrap elementor-element-populated\">\n\t\t\t\t\t\t<div class=\"elementor-element elementor-element-ef25f0f elementor-widget elementor-widget-text-editor\" data-id=\"ef25f0f\" data-element_type=\"widget\" data-e-type=\"widget\" data-widget_type=\"text-editor.default\">\n\t\t\t\t\t\t\t\t\t<p>Viagem ao La Pinilla Bike Park. O maior bike park da peninsula ib\u00e9rica situa-se em Madrid, a 5 horas de distancia de Braga. Com mais de 10 pistas direcionadas para o downhill e enduro \u00e9 o lugar perfeito para passar um fim de semana com o teu grupo de amigos. N\u00f3s garantimos uma viagem confort\u00e1vel e a maior seguran\u00e7a das bicicletas. De momento dispomos de uma carrinha de 9 lugares com atrelado feito \u00e0 medida para 10 bicicletas.<\/p>\t\t\t\t\t\t\t\t<\/div>\n\t\t\t\t\t<\/div>\n\t\t<\/div>\n\t\t\t\t\t<\/div>\n\t\t<\/section>\n\t\t\t\t<section class=\"elementor-section elementor-top-section elementor-element elementor-element-da92ddf elementor-section-boxed elementor-section-height-default elementor-section-height-default\" data-id=\"da92ddf\" data-element_type=\"section\" data-e-type=\"section\">\n\t\t\t\t\t\t<div class=\"elementor-container elementor-column-gap-default\">\n\t\t\t\t\t<div class=\"elementor-column elementor-col-50 elementor-top-column elementor-element elementor-element-40233c5\" data-id=\"40233c5\" data-element_type=\"column\" data-e-type=\"column\">\n\t\t\t<div class=\"elementor-widget-wrap elementor-element-populated\">\n\t\t\t\t\t\t<div class=\"elementor-element elementor-element-9b42dd5 elementor-widget__width-initial elementor-widget-mobile__width-initial elementor-widget elementor-widget-image\" data-id=\"9b42dd5\" data-element_type=\"widget\" data-e-type=\"widget\" data-widget_type=\"image.default\">\n\t\t\t\t\t\t\t\t\t\t\t\t\t\t\t<img fetchpriority=\"high\" decoding=\"async\" width=\"640\" height=\"427\" src=\"https:\/\/transportedebicicletas.pt\/wp-content\/uploads\/2023\/04\/la-pinilla-1024x683.jpeg\" class=\"attachment-large size-large wp-image-992\" alt=\"La pinilla bike park\" srcset=\"https:\/\/transportedebicicletas.pt\/wp-content\/uploads\/2023\/04\/la-pinilla-1024x683.jpeg 1024w, https:\/\/transportedebicicletas.pt\/wp-content\/uploads\/2023\/04\/la-pinilla-300x200.jpeg 300w, https:\/\/transportedebicicletas.pt\/wp-content\/uploads\/2023\/04\/la-pinilla-768x512.jpeg 768w, https:\/\/transportedebicicletas.pt\/wp-content\/uploads\/2023\/04\/la-pinilla-1536x1024.jpeg 1536w, https:\/\/transportedebicicletas.pt\/wp-content\/uploads\/2023\/04\/la-pinilla.jpeg 1920w\" sizes=\"(max-width: 640px) 100vw, 640px\" \/>\t\t\t\t\t\t\t\t\t\t\t\t\t\t\t<\/div>\n\t\t\t\t\t<\/div>\n\t\t<\/div>\n\t\t\t\t<div class=\"elementor-column elementor-col-50 elementor-top-column elementor-element elementor-element-03177fb\" data-id=\"03177fb\" data-element_type=\"column\" data-e-type=\"column\">\n\t\t\t<div class=\"elementor-widget-wrap elementor-element-populated\">\n\t\t\t\t\t\t<div class=\"elementor-element elementor-element-c25301d elementor-widget__width-initial elementor-widget elementor-widget-image\" data-id=\"c25301d\" data-element_type=\"widget\" data-e-type=\"widget\" data-widget_type=\"image.default\">\n\t\t\t\t\t\t\t\t\t\t\t\t\t\t\t<img decoding=\"async\" width=\"640\" height=\"408\" src=\"https:\/\/transportedebicicletas.pt\/wp-content\/uploads\/2023\/05\/Lapinilla4-1024x652.png\" class=\"attachment-large size-large wp-image-1013\" alt=\"\" srcset=\"https:\/\/transportedebicicletas.pt\/wp-content\/uploads\/2023\/05\/Lapinilla4-1024x652.png 1024w, https:\/\/transportedebicicletas.pt\/wp-content\/uploads\/2023\/05\/Lapinilla4-300x191.png 300w, https:\/\/transportedebicicletas.pt\/wp-content\/uploads\/2023\/05\/Lapinilla4-768x489.png 768w, https:\/\/transportedebicicletas.pt\/wp-content\/uploads\/2023\/05\/Lapinilla4-1536x978.png 1536w, https:\/\/transportedebicicletas.pt\/wp-content\/uploads\/2023\/05\/Lapinilla4.png 1899w\" sizes=\"(max-width: 640px) 100vw, 640px\" \/>\t\t\t\t\t\t\t\t\t\t\t\t\t\t\t<\/div>\n\t\t\t\t\t<\/div>\n\t\t<\/div>\n\t\t\t\t\t<\/div>\n\t\t<\/section>\n\t\t\t\t<section class=\"elementor-section elementor-top-section elementor-element elementor-element-574ee7f elementor-section-boxed elementor-section-height-default elementor-section-height-default\" data-id=\"574ee7f\" data-element_type=\"section\" data-e-type=\"section\">\n\t\t\t\t\t\t<div class=\"elementor-container elementor-column-gap-default\">\n\t\t\t\t\t<div class=\"elementor-column elementor-col-50 elementor-top-column elementor-element elementor-element-359257b\" data-id=\"359257b\" data-element_type=\"column\" data-e-type=\"column\">\n\t\t\t<div class=\"elementor-widget-wrap elementor-element-populated\">\n\t\t\t\t\t\t<div class=\"elementor-element elementor-element-70e3f62 elementor-widget elementor-widget-image\" data-id=\"70e3f62\" data-element_type=\"widget\" data-e-type=\"widget\" data-widget_type=\"image.default\">\n\t\t\t\t\t\t\t\t\t\t\t\t\t\t\t<img decoding=\"async\" width=\"640\" height=\"408\" src=\"https:\/\/transportedebicicletas.pt\/wp-content\/uploads\/2023\/05\/PistasLaPinilla-1024x652.jpg\" class=\"attachment-large size-large wp-image-1009\" alt=\"\" srcset=\"https:\/\/transportedebicicletas.pt\/wp-content\/uploads\/2023\/05\/PistasLaPinilla-1024x652.jpg 1024w, https:\/\/transportedebicicletas.pt\/wp-content\/uploads\/2023\/05\/PistasLaPinilla-300x191.jpg 300w, https:\/\/transportedebicicletas.pt\/wp-content\/uploads\/2023\/05\/PistasLaPinilla-768x489.jpg 768w, https:\/\/transportedebicicletas.pt\/wp-content\/uploads\/2023\/05\/PistasLaPinilla-1536x978.jpg 1536w, https:\/\/transportedebicicletas.pt\/wp-content\/uploads\/2023\/05\/PistasLaPinilla.jpg 1899w\" sizes=\"(max-width: 640px) 100vw, 640px\" \/>\t\t\t\t\t\t\t\t\t\t\t\t\t\t\t<\/div>\n\t\t\t\t\t<\/div>\n\t\t<\/div>\n\t\t\t\t<div class=\"elementor-column elementor-col-50 elementor-top-column elementor-element elementor-element-9565941\" data-id=\"9565941\" data-element_type=\"column\" data-e-type=\"column\">\n\t\t\t<div class=\"elementor-widget-wrap elementor-element-populated\">\n\t\t\t\t\t\t<div class=\"elementor-element elementor-element-832a9f0 elementor-widget elementor-widget-video\" data-id=\"832a9f0\" data-element_type=\"widget\" data-e-type=\"widget\" data-settings=\"{&quot;youtube_url&quot;:&quot;https:\\\/\\\/www.youtube.com\\\/watch?v=0nNY-s5WM58&quot;,&quot;video_type&quot;:&quot;youtube&quot;,&quot;controls&quot;:&quot;yes&quot;}\" data-widget_type=\"video.default\">\n\t\t\t\t\t\t\t<div class=\"elementor-wrapper elementor-open-inline\">\n\t\t\t<div class=\"elementor-video\"><\/div>\t\t<\/div>\n\t\t\t\t\t\t<\/div>\n\t\t\t\t\t<\/div>\n\t\t<\/div>\n\t\t\t\t\t<\/div>\n\t\t<\/section>\n\t\t\t\t<section class=\"elementor-section elementor-top-section elementor-element elementor-element-09852db elementor-section-boxed elementor-section-height-default elementor-section-height-default\" data-id=\"09852db\" data-element_type=\"section\" data-e-type=\"section\">\n\t\t\t\t\t\t<div class=\"elementor-container elementor-column-gap-default\">\n\t\t\t\t\t<div class=\"elementor-column elementor-col-100 elementor-top-column elementor-element elementor-element-2abe3e4\" data-id=\"2abe3e4\" data-element_type=\"column\" data-e-type=\"column\">\n\t\t\t<div class=\"elementor-widget-wrap elementor-element-populated\">\n\t\t\t\t\t\t<div class=\"elementor-element elementor-element-1ff71e9 elementor-align-center elementor-widget elementor-widget-button\" data-id=\"1ff71e9\" data-element_type=\"widget\" data-e-type=\"widget\" data-widget_type=\"button.default\">\n\t\t\t\t\t\t\t\t\t\t<a class=\"elementor-button elementor-button-link elementor-size-sm\" href=\"https:\/\/www.lapinillabikepark.es\/\">\n\t\t\t\t\t\t<span class=\"elementor-button-content-wrapper\">\n\t\t\t\t\t\t\t\t\t<span class=\"elementor-button-text\">La pinilla - Website<\/span>\n\t\t\t\t\t<\/span>\n\t\t\t\t\t<\/a>\n\t\t\t\t\t\t\t\t<\/div>\n\t\t\t\t\t<\/div>\n\t\t<\/div>\n\t\t\t\t\t<\/div>\n\t\t<\/section>\n\t\t\t\t<section class=\"elementor-section elementor-top-section elementor-element elementor-element-8f6a87f elementor-section-boxed elementor-section-height-default elementor-section-height-default\" data-id=\"8f6a87f\" data-element_type=\"section\" data-e-type=\"section\">\n\t\t\t\t\t\t<div class=\"elementor-container elementor-column-gap-default\">\n\t\t\t\t\t<div class=\"elementor-column elementor-col-100 elementor-top-column elementor-element elementor-element-3c1d671\" data-id=\"3c1d671\" data-element_type=\"column\" data-e-type=\"column\">\n\t\t\t<div class=\"elementor-widget-wrap elementor-element-populated\">\n\t\t\t\t\t\t<div class=\"elementor-element elementor-element-b61c03c elementor-widget elementor-widget-wpforms\" data-id=\"b61c03c\" data-element_type=\"widget\" data-e-type=\"widget\" data-widget_type=\"wpforms.default\">\n\t\t\t\t<div class=\"elementor-widget-container\">\n\t\t\t\t\t<div class=\"wpforms-container wpforms-container-full\" id=\"wpforms-887\"><form id=\"wpforms-form-887\" class=\"wpforms-validate wpforms-form wpforms-ajax-form\" data-formid=\"887\" method=\"post\" enctype=\"multipart\/form-data\" action=\"\/en\/wp-json\/wp\/v2\/pages\/998\" data-token=\"c2f63211ca187be59f7c325f33ba5280\" data-token-time=\"1777547586\"><noscript class=\"wpforms-error-noscript\">Please enable JavaScript in your browser to complete this form.<\/noscript><div class=\"wpforms-field-container\"><div id=\"wpforms-887-field_6-container\" class=\"wpforms-field wpforms-field-text\" data-field-id=\"6\"><label class=\"wpforms-field-label\" for=\"wpforms-887-field_6\">Nome <span class=\"wpforms-required-label\">*<\/span><\/label><input type=\"text\" id=\"wpforms-887-field_6\" class=\"wpforms-field-medium wpforms-field-required\" name=\"wpforms[fields][6]\" required><\/div><div id=\"wpforms-887-field_7-container\" class=\"wpforms-field wpforms-field-text\" data-field-id=\"7\"><label class=\"wpforms-field-label\" for=\"wpforms-887-field_7\">Email <span class=\"wpforms-required-label\">*<\/span><\/label><input type=\"text\" id=\"wpforms-887-field_7\" class=\"wpforms-field-medium wpforms-field-required\" name=\"wpforms[fields][7]\" required><\/div><div id=\"wpforms-887-field_1-container\" class=\"wpforms-field wpforms-field-text\" data-field-id=\"1\"><label class=\"wpforms-field-label\" for=\"wpforms-887-field_1\">Cidade de Recolha <span class=\"wpforms-required-label\">*<\/span><\/label><input type=\"text\" id=\"wpforms-887-field_1\" class=\"wpforms-field-medium wpforms-field-required\" name=\"wpforms[fields][1]\" required><\/div><div id=\"wpforms-887-field_2-container\" class=\"wpforms-field wpforms-field-text\" data-field-id=\"2\"><label class=\"wpforms-field-label\" for=\"wpforms-887-field_2\">N\u00famero de Passageiros <span class=\"wpforms-required-label\">*<\/span><\/label><input type=\"text\" id=\"wpforms-887-field_2\" class=\"wpforms-field-medium wpforms-field-required\" name=\"wpforms[fields][2]\" required><\/div><div id=\"wpforms-887-field_3-container\" class=\"wpforms-field wpforms-field-text\" data-field-id=\"3\"><label class=\"wpforms-field-label\" for=\"wpforms-887-field_3\">Data Desejada <span class=\"wpforms-required-label\">*<\/span><\/label><input type=\"text\" id=\"wpforms-887-field_3\" class=\"wpforms-field-medium wpforms-field-required\" name=\"wpforms[fields][3]\" required><\/div><div id=\"wpforms-887-field_4-container\" class=\"wpforms-field wpforms-field-text\" data-field-id=\"4\"><label class=\"wpforms-field-label\" for=\"wpforms-887-field_4\">Descri\u00e7\u00e3o do Pedido <span class=\"wpforms-required-label\">*<\/span><\/label><input type=\"text\" id=\"wpforms-887-field_4\" class=\"wpforms-field-medium wpforms-field-required\" name=\"wpforms[fields][4]\" required><\/div><div id=\"wpforms-887-field_5-container\" class=\"wpforms-field wpforms-field-checkbox\" data-field-id=\"5\"><ul id=\"wpforms-887-field_5\" class=\"wpforms-field-required\"><li class=\"choice-1 depth-1\"><input type=\"checkbox\" id=\"wpforms-887-field_5_1\" name=\"wpforms[fields][5][]\" value=\"Aceito fornecer estes dados em compromisso de que n\u00e3o sejam usados para outros fins que n\u00e3o este\" required ><label class=\"wpforms-field-label-inline\" for=\"wpforms-887-field_5_1\">Aceito fornecer estes dados em compromisso de que n\u00e3o sejam usados para outros fins que n\u00e3o este<\/label><\/li><\/ul><\/div><\/div><!-- .wpforms-field-container --><div class=\"wpforms-submit-container\" ><input type=\"hidden\" name=\"wpforms[id]\" value=\"887\"><input type=\"hidden\" name=\"page_title\" value=\"\"><input type=\"hidden\" name=\"page_url\" value=\"https:\/\/transportedebicicletas.pt\/en\/wp-json\/wp\/v2\/pages\/998\"><input type=\"hidden\" name=\"url_referer\" value=\"\"><button type=\"submit\" name=\"wpforms[submit]\" id=\"wpforms-submit-887\" class=\"wpforms-submit\" data-alt-text=\"Sending...\" data-submit-text=\"Submit\" aria-live=\"assertive\" value=\"wpforms-submit\">Submit<\/button><img loading=\"lazy\" decoding=\"async\" src=\"https:\/\/transportedebicicletas.pt\/wp-content\/plugins\/wpforms-lite\/assets\/images\/submit-spin.svg\" class=\"wpforms-submit-spinner\" style=\"display: none;\" width=\"26\" height=\"26\" alt=\"Loading\"><\/div><\/form><\/div>  <!-- .wpforms-container -->\t\t\t\t<\/div>\n\t\t\t\t<\/div>\n\t\t\t\t\t<\/div>\n\t\t<\/div>\n\t\t\t\t\t<\/div>\n\t\t<\/section>\n\t\t\t\t<\/div>\n\t\t","protected":false},"excerpt":{"rendered":"<p>Viagem ao La Pinilla Bike Park. O maior bike park da peninsula ib\u00e9rica situa-se em Madrid, a 5 horas de distancia de Braga. Com mais de 10 pistas direcionadas para o downhill e enduro \u00e9 o lugar perfeito para passar um fim de semana com o teu grupo de amigos. N\u00f3s garantimos uma viagem confort\u00e1vel [&hellip;]<\/p>\n","protected":false},"author":1,"featured_media":0,"parent":0,"menu_order":0,"comment_status":"closed","ping_status":"closed","template":"","meta":{"footnotes":""},"class_list":["post-998","page","type-page","status-publish","hentry"],"yoast_head":"<!-- This site is optimized with the Yoast SEO plugin v27.5 - https:\/\/yoast.com\/product\/yoast-seo-wordpress\/ -->\n<title>Viagem ao La Pinilla Bike Park - Transporte de Ciclistas e Bicicletas<\/title>\n<meta name=\"description\" content=\"Marca a tua viagem de ver\u00e3o ao La Pinilla Bike Park. A transporte de bicicletas disp\u00f5e de uma carrinha de 9 lugares e atrelado. A la Madrid!\" \/>\n<meta name=\"robots\" content=\"index, follow, max-snippet:-1, max-image-preview:large, max-video-preview:-1\" \/>\n<link rel=\"canonical\" href=\"https:\/\/transportedebicicletas.pt\/en\/la-pinilla-bike-park\/\" \/>\n<meta property=\"og:locale\" content=\"en_GB\" \/>\n<meta property=\"og:type\" content=\"article\" \/>\n<meta property=\"og:title\" content=\"Viagem ao Bike Park La Pinilla em Madrid\" \/>\n<meta property=\"og:description\" content=\"Marca a viagem deste ver\u00e3o ao bike park de Madrid, La Pinilla. A transporte de bicicletas disp\u00f5e de uma carrinha de 9 lugares bem espa\u00e7osa e confort\u00e1vel e um atrelado para 10 bicicletas. A la Madrid!\" \/>\n<meta property=\"og:url\" content=\"https:\/\/transportedebicicletas.pt\/en\/la-pinilla-bike-park\/\" \/>\n<meta property=\"og:site_name\" content=\"Transporte de Ciclistas e Bicicletas\" \/>\n<meta property=\"article:publisher\" content=\"https:\/\/www.facebook.com\/transportedebicicletas.pt\" \/>\n<meta property=\"article:modified_time\" content=\"2025-01-30T22:29:03+00:00\" \/>\n<meta property=\"og:image\" content=\"https:\/\/transportedebicicletas.pt\/wp-content\/uploads\/2023\/04\/la-pinilla.jpeg\" \/>\n\t<meta property=\"og:image:width\" content=\"1920\" \/>\n\t<meta property=\"og:image:height\" content=\"1280\" \/>\n\t<meta property=\"og:image:type\" content=\"image\/jpeg\" \/>\n<meta name=\"twitter:card\" content=\"summary_large_image\" \/>\n<meta name=\"twitter:image\" content=\"https:\/\/transportedebicicletas.pt\/wp-content\/uploads\/2023\/05\/Lapinilla4.png\" \/>\n<meta name=\"twitter:label1\" content=\"Estimated reading time\" \/>\n\t<meta name=\"twitter:data1\" content=\"2 minutes\" \/>\n<script type=\"application\/ld+json\" class=\"yoast-schema-graph\">{\"@context\":\"https:\\\/\\\/schema.org\",\"@graph\":[{\"@type\":\"WebPage\",\"@id\":\"https:\\\/\\\/transportedebicicletas.pt\\\/la-pinilla-bike-park\\\/\",\"url\":\"https:\\\/\\\/transportedebicicletas.pt\\\/la-pinilla-bike-park\\\/\",\"name\":\"Viagem ao La Pinilla Bike Park - Transporte de Ciclistas e Bicicletas\",\"isPartOf\":{\"@id\":\"https:\\\/\\\/transportedebicicletas.pt\\\/#website\"},\"primaryImageOfPage\":{\"@id\":\"https:\\\/\\\/transportedebicicletas.pt\\\/la-pinilla-bike-park\\\/#primaryimage\"},\"image\":{\"@id\":\"https:\\\/\\\/transportedebicicletas.pt\\\/la-pinilla-bike-park\\\/#primaryimage\"},\"thumbnailUrl\":\"https:\\\/\\\/transportedebicicletas.pt\\\/wp-content\\\/uploads\\\/2023\\\/04\\\/la-pinilla-1024x683.jpeg\",\"datePublished\":\"2023-05-15T14:24:11+00:00\",\"dateModified\":\"2025-01-30T22:29:03+00:00\",\"description\":\"Marca a tua viagem de ver\u00e3o ao La Pinilla Bike Park. A transporte de bicicletas disp\u00f5e de uma carrinha de 9 lugares e atrelado. A la Madrid!\",\"breadcrumb\":{\"@id\":\"https:\\\/\\\/transportedebicicletas.pt\\\/la-pinilla-bike-park\\\/#breadcrumb\"},\"inLanguage\":\"en-GB\",\"potentialAction\":[{\"@type\":\"ReadAction\",\"target\":[\"https:\\\/\\\/transportedebicicletas.pt\\\/la-pinilla-bike-park\\\/\"]}]},{\"@type\":\"ImageObject\",\"inLanguage\":\"en-GB\",\"@id\":\"https:\\\/\\\/transportedebicicletas.pt\\\/la-pinilla-bike-park\\\/#primaryimage\",\"url\":\"https:\\\/\\\/transportedebicicletas.pt\\\/wp-content\\\/uploads\\\/2023\\\/04\\\/la-pinilla-1024x683.jpeg\",\"contentUrl\":\"https:\\\/\\\/transportedebicicletas.pt\\\/wp-content\\\/uploads\\\/2023\\\/04\\\/la-pinilla-1024x683.jpeg\"},{\"@type\":\"BreadcrumbList\",\"@id\":\"https:\\\/\\\/transportedebicicletas.pt\\\/la-pinilla-bike-park\\\/#breadcrumb\",\"itemListElement\":[{\"@type\":\"ListItem\",\"position\":1,\"name\":\"In\u00edcio\",\"item\":\"https:\\\/\\\/transportedebicicletas.pt\\\/\"},{\"@type\":\"ListItem\",\"position\":2,\"name\":\"Viagem ao La Pinilla Bike Park\"}]},{\"@type\":\"WebSite\",\"@id\":\"https:\\\/\\\/transportedebicicletas.pt\\\/#website\",\"url\":\"https:\\\/\\\/transportedebicicletas.pt\\\/\",\"name\":\"Transporte de Ciclistas e Bicicletas\",\"description\":\"Servi\u00e7o de transporte de bicicletas e ciclistas em Portugal e Espanha. Recolha em Santiago de Compostela e outros destinos. Dispomos de carrinha 9 lugares mais atrelado para 10 bicicletas.\",\"publisher\":{\"@id\":\"https:\\\/\\\/transportedebicicletas.pt\\\/#organization\"},\"alternateName\":\"Taxi de Ciclistas e Bicicletas\",\"potentialAction\":[{\"@type\":\"SearchAction\",\"target\":{\"@type\":\"EntryPoint\",\"urlTemplate\":\"https:\\\/\\\/transportedebicicletas.pt\\\/?s={search_term_string}\"},\"query-input\":{\"@type\":\"PropertyValueSpecification\",\"valueRequired\":true,\"valueName\":\"search_term_string\"}}],\"inLanguage\":\"en-GB\"},{\"@type\":\"Organization\",\"@id\":\"https:\\\/\\\/transportedebicicletas.pt\\\/#organization\",\"name\":\"Transporte de ciclistas e bicicletas em Portugal e Espanha\",\"alternateName\":\"Recolha de ciclistas e bicicletas\",\"url\":\"https:\\\/\\\/transportedebicicletas.pt\\\/\",\"logo\":{\"@type\":\"ImageObject\",\"inLanguage\":\"en-GB\",\"@id\":\"https:\\\/\\\/transportedebicicletas.pt\\\/#\\\/schema\\\/logo\\\/image\\\/\",\"url\":\"https:\\\/\\\/transportedebicicletas.pt\\\/wp-content\\\/uploads\\\/2023\\\/03\\\/Logotipo.png\",\"contentUrl\":\"https:\\\/\\\/transportedebicicletas.pt\\\/wp-content\\\/uploads\\\/2023\\\/03\\\/Logotipo.png\",\"width\":818,\"height\":799,\"caption\":\"Transporte de ciclistas e bicicletas em Portugal e Espanha\"},\"image\":{\"@id\":\"https:\\\/\\\/transportedebicicletas.pt\\\/#\\\/schema\\\/logo\\\/image\\\/\"},\"sameAs\":[\"https:\\\/\\\/www.facebook.com\\\/transportedebicicletas.pt\",\"https:\\\/\\\/www.instagram.com\\\/transportedebicicletas.pt\\\/\",\"https:\\\/\\\/www.youtube.com\\\/@transportedebicicletas\"]}]}<\/script>\n<!-- \/ Yoast SEO plugin. -->","yoast_head_json":{"title":"La Pinilla Bike Park Trip - Transport of cyclists and bicycles","description":"Marca a tua viagem de ver\u00e3o ao La Pinilla Bike Park. A transporte de bicicletas disp\u00f5e de uma carrinha de 9 lugares e atrelado. A la Madrid!","robots":{"index":"index","follow":"follow","max-snippet":"max-snippet:-1","max-image-preview":"max-image-preview:large","max-video-preview":"max-video-preview:-1"},"canonical":"https:\/\/transportedebicicletas.pt\/en\/la-pinilla-bike-park\/","og_locale":"en_GB","og_type":"article","og_title":"Viagem ao Bike Park La Pinilla em Madrid","og_description":"Marca a viagem deste ver\u00e3o ao bike park de Madrid, La Pinilla. A transporte de bicicletas disp\u00f5e de uma carrinha de 9 lugares bem espa\u00e7osa e confort\u00e1vel e um atrelado para 10 bicicletas. A la Madrid!","og_url":"https:\/\/transportedebicicletas.pt\/en\/la-pinilla-bike-park\/","og_site_name":"Transporte de Ciclistas e Bicicletas","article_publisher":"https:\/\/www.facebook.com\/transportedebicicletas.pt","article_modified_time":"2025-01-30T22:29:03+00:00","og_image":[{"width":1920,"height":1280,"url":"https:\/\/transportedebicicletas.pt\/wp-content\/uploads\/2023\/04\/la-pinilla.jpeg","type":"image\/jpeg"}],"twitter_card":"summary_large_image","twitter_image":"https:\/\/transportedebicicletas.pt\/wp-content\/uploads\/2023\/05\/Lapinilla4.png","twitter_misc":{"Estimated reading time":"2 minutes"},"schema":{"@context":"https:\/\/schema.org","@graph":[{"@type":"WebPage","@id":"https:\/\/transportedebicicletas.pt\/la-pinilla-bike-park\/","url":"https:\/\/transportedebicicletas.pt\/la-pinilla-bike-park\/","name":"La Pinilla Bike Park Trip - Transport of cyclists and bicycles","isPartOf":{"@id":"https:\/\/transportedebicicletas.pt\/#website"},"primaryImageOfPage":{"@id":"https:\/\/transportedebicicletas.pt\/la-pinilla-bike-park\/#primaryimage"},"image":{"@id":"https:\/\/transportedebicicletas.pt\/la-pinilla-bike-park\/#primaryimage"},"thumbnailUrl":"https:\/\/transportedebicicletas.pt\/wp-content\/uploads\/2023\/04\/la-pinilla-1024x683.jpeg","datePublished":"2023-05-15T14:24:11+00:00","dateModified":"2025-01-30T22:29:03+00:00","description":"Marca a tua viagem de ver\u00e3o ao La Pinilla Bike Park. A transporte de bicicletas disp\u00f5e de uma carrinha de 9 lugares e atrelado. A la Madrid!","breadcrumb":{"@id":"https:\/\/transportedebicicletas.pt\/la-pinilla-bike-park\/#breadcrumb"},"inLanguage":"en-GB","potentialAction":[{"@type":"ReadAction","target":["https:\/\/transportedebicicletas.pt\/la-pinilla-bike-park\/"]}]},{"@type":"ImageObject","inLanguage":"en-GB","@id":"https:\/\/transportedebicicletas.pt\/la-pinilla-bike-park\/#primaryimage","url":"https:\/\/transportedebicicletas.pt\/wp-content\/uploads\/2023\/04\/la-pinilla-1024x683.jpeg","contentUrl":"https:\/\/transportedebicicletas.pt\/wp-content\/uploads\/2023\/04\/la-pinilla-1024x683.jpeg"},{"@type":"BreadcrumbList","@id":"https:\/\/transportedebicicletas.pt\/la-pinilla-bike-park\/#breadcrumb","itemListElement":[{"@type":"ListItem","position":1,"name":"In\u00edcio","item":"https:\/\/transportedebicicletas.pt\/"},{"@type":"ListItem","position":2,"name":"Viagem ao La Pinilla Bike Park"}]},{"@type":"WebSite","@id":"https:\/\/transportedebicicletas.pt\/#website","url":"https:\/\/transportedebicicletas.pt\/","name":"Taxi Service of Cyclists and Bicycles","description":"Taxi service in Portugal and Spain for cyclists and bicycles. We pick you up in Santiago de Compostela and other places. We offer a 9 seat van and trailer for 10 bikes.","publisher":{"@id":"https:\/\/transportedebicicletas.pt\/#organization"},"alternateName":"Taxi de Ciclistas e Bicicletas","potentialAction":[{"@type":"SearchAction","target":{"@type":"EntryPoint","urlTemplate":"https:\/\/transportedebicicletas.pt\/?s={search_term_string}"},"query-input":{"@type":"PropertyValueSpecification","valueRequired":true,"valueName":"search_term_string"}}],"inLanguage":"en-GB"},{"@type":"Organization","@id":"https:\/\/transportedebicicletas.pt\/#organization","name":"Taxi service of cyclists and bicycles in Portugal and Spain","alternateName":"Recolha de ciclistas e bicicletas","url":"https:\/\/transportedebicicletas.pt\/","logo":{"@type":"ImageObject","inLanguage":"en-GB","@id":"https:\/\/transportedebicicletas.pt\/#\/schema\/logo\/image\/","url":"https:\/\/transportedebicicletas.pt\/wp-content\/uploads\/2023\/03\/Logotipo.png","contentUrl":"https:\/\/transportedebicicletas.pt\/wp-content\/uploads\/2023\/03\/Logotipo.png","width":818,"height":799,"caption":"Transporte de ciclistas e bicicletas em Portugal e Espanha"},"image":{"@id":"https:\/\/transportedebicicletas.pt\/#\/schema\/logo\/image\/"},"sameAs":["https:\/\/www.facebook.com\/transportedebicicletas.pt","https:\/\/www.instagram.com\/transportedebicicletas.pt\/","https:\/\/www.youtube.com\/@transportedebicicletas"]}]}},"_links":{"self":[{"href":"https:\/\/transportedebicicletas.pt\/en\/wp-json\/wp\/v2\/pages\/998","targetHints":{"allow":["GET"]}}],"collection":[{"href":"https:\/\/transportedebicicletas.pt\/en\/wp-json\/wp\/v2\/pages"}],"about":[{"href":"https:\/\/transportedebicicletas.pt\/en\/wp-json\/wp\/v2\/types\/page"}],"author":[{"embeddable":true,"href":"https:\/\/transportedebicicletas.pt\/en\/wp-json\/wp\/v2\/users\/1"}],"replies":[{"embeddable":true,"href":"https:\/\/transportedebicicletas.pt\/en\/wp-json\/wp\/v2\/comments?post=998"}],"version-history":[{"count":44,"href":"https:\/\/transportedebicicletas.pt\/en\/wp-json\/wp\/v2\/pages\/998\/revisions"}],"predecessor-version":[{"id":1312,"href":"https:\/\/transportedebicicletas.pt\/en\/wp-json\/wp\/v2\/pages\/998\/revisions\/1312"}],"wp:attachment":[{"href":"https:\/\/transportedebicicletas.pt\/en\/wp-json\/wp\/v2\/media?parent=998"}],"curies":[{"name":"wp","href":"https:\/\/api.w.org\/{rel}","templated":true}]}}